{"id":499,"date":"2019-11-30T19:42:30","date_gmt":"2019-11-30T19:42:30","guid":{"rendered":"https:\/\/insunte.edu.mx\/es\/?page_id=499"},"modified":"2021-08-02T17:14:30","modified_gmt":"2021-08-02T22:14:30","slug":"maestria-en-litigacion-oral-administracion-procuracion-de-justicia","status":"publish","type":"page","link":"https:\/\/insunte.edu.mx\/es\/posgrado\/maestria-en-litigacion-oral-administracion-procuracion-de-justicia\/","title":{"rendered":"Maestr\u00eda en Litigaci\u00f3n Oral, Administraci\u00f3n y Procuraci\u00f3n de Justicia"},"content":{"rendered":"<div class=\"wpb-content-wrapper\"><p>[vc_row][vc_column][vc_zigzag el_border_width=\u00bb8&#8243;][vc_column_text css_animation=\u00bbfadeIn\u00bb]<\/p>\n<h2 style=\"text-align: center;\"><span style=\"color: #000080;\"><strong>Objetivo del Posgrado<\/strong><\/span><\/h2>\n<h4 style=\"text-align: center;\">Formar profesionales capaces de aplicar, explicar y desarrollar el razonamiento apropiado para argumentar y desempe\u00f1ar la funci\u00f3n Judicial, adem\u00e1s de conocer los nuevos paradigmas para desenvolverse con \u00e9xito en los juicios orales en materia civil, penal, procesal, mercantil y administrativa con un sentido de imparcialidad y honestidad en la impartici\u00f3n de justicia.<\/h4>\n<p>[\/vc_column_text][\/vc_column][\/vc_row][vc_row][vc_column][vc_column_text css_animation=\u00bbfadeInRight\u00bb]<\/p>\n<h2 style=\"text-align: center;\"><span style=\"color: #000080;\">\u00bfQue desarrollar\u00e9 en la Maestr\u00eda en Litigaci\u00f3n Oral, Administraci\u00f3n y Procuraci\u00f3n de Justicia?<\/span><\/h2>\n<p>[\/vc_column_text][vc_tta_accordion][vc_tta_section i_icon_fontawesome=\u00bbfa fa-graduation-cap\u00bb add_icon=\u00bbtrue\u00bb title=\u00bb\u00c1rea Fundamental\u00bb tab_id=\u00bb1574700301791-75f1196f-d127&#8243;][vc_column_text css_animation=\u00bbbounceIn\u00bb]<\/p>\n<ul>\n<li>\n<h4>El juicio de Amparo<\/h4>\n<\/li>\n<li>\n<h4>Argumentaci\u00f3n y L\u00f3gica Jur\u00eddica<\/h4>\n<\/li>\n<li>\n<h4>Interpretaci\u00f3n y Jurisprudencia en el Juicio de Amparo<\/h4>\n<\/li>\n<li>\n<h4>Administraci\u00f3n de Juzgados<\/h4>\n<\/li>\n<\/ul>\n<p>[\/vc_column_text][\/vc_tta_section][vc_tta_section i_icon_fontawesome=\u00bbfa fa-check-circle\u00bb add_icon=\u00bbtrue\u00bb title=\u00bb\u00c1rea de Especializaci\u00f3n\u00bb tab_id=\u00bb1574700301791-cf4804dc-d874&#8243;][vc_column_text css_animation=\u00bbbounceIn\u00bb]<\/p>\n<ul>\n<li>\n<h4>Juicios Orales en Materia Civil, Mercantil y Administrativa<\/h4>\n<\/li>\n<li>\n<h4>Juicios Orales en Materia Penal<\/h4>\n<\/li>\n<li>\n<h4>Tratados Internacionales Relacionados con la Impartici\u00f3n de Justicia<\/h4>\n<\/li>\n<li>\n<h4>Derecho Procesal Constitucional<\/h4>\n<\/li>\n<li>\n<h4>Derecho Procesal Civil y Mercantil<\/h4>\n<\/li>\n<li>\n<h4>Derecho Procesal Penal<\/h4>\n<\/li>\n<\/ul>\n<p>[\/vc_column_text][\/vc_tta_section][vc_tta_section i_icon_fontawesome=\u00bbfa fa-child\u00bb add_icon=\u00bbtrue\u00bb title=\u00bb\u00c1rea Integradora\u00bb tab_id=\u00bb1574700499784-79fa86e3-aa3b\u00bb][vc_column_text css_animation=\u00bbbounceIn\u00bb]<\/p>\n<ul>\n<li>\n<h4>Gesti\u00f3n Aduanera.<\/h4>\n<\/li>\n<li>\n<h4>Log\u00edstica Empresarial Internacional.<\/h4>\n<\/li>\n<\/ul>\n<p>[\/vc_column_text][\/vc_tta_section][vc_tta_section i_icon_fontawesome=\u00bbfa fa-child\u00bb add_icon=\u00bbtrue\u00bb title=\u00bbPerfil de Egreso\u00bb tab_id=\u00bb1574985907068-33ef3571-c24e\u00bb][vc_column_text css_animation=\u00bbbounceIn\u00bb]<\/p>\n<ul>\n<li>\n<h4>Especializados en los nuevos paradigmas con el objetivo de llevar con \u00e9xito los juicios orales en materia civil, penal, procesal, mercantil y administrativa con un sentido imparcial, a la par administra los recursos humanos y financieros en juzgados y tribunales.<\/h4>\n<\/li>\n<\/ul>\n<p>[\/vc_column_text][\/vc_tta_section][\/vc_tta_accordion][vc_separator style=\u00bbdouble\u00bb][vc_cta h2=\u00bbDescarga el plan de estudios\u00bb h4=\u00bbTermina tus estudios universitarios en tan solo 18 meses\u00bb color=\u00bbblack\u00bb add_button=\u00bbright\u00bb btn_title=\u00bbClic aqu\u00ed para descargar PDF\u00bb btn_style=\u00bb3d\u00bb btn_color=\u00bbprimary\u00bb btn_i_align=\u00bbright\u00bb btn_i_icon_fontawesome=\u00bbfa fa-file-pdf-o\u00bb btn_css_animation=\u00bbbounceInRight\u00bb add_icon=\u00bbleft\u00bb i_icon_fontawesome=\u00bbfa fa-chevron-circle-down\u00bb i_color=\u00bbblack\u00bb i_size=\u00bblg\u00bb css_animation=\u00bbbounceInLeft\u00bb btn_add_icon=\u00bbtrue\u00bb btn_link=\u00bburl:https%3A%2F%2Finsunte.edu.mx%2Fes%2Fwp-content%2Fuploads%2F2019%2F11%2FMLOPJ.pdf|title:MLOAJ|target:%20_blank|\u00bb]Conoce la carga de materias que llevar\u00e1s durante tu estancia en la universidad.[\/vc_cta][\/vc_column][\/vc_row][vc_row][vc_column width=\u00bb2\/3&#8243;][vc_column_text css_animation=\u00bbfadeInRight\u00bb]<\/p>\n<h2 style=\"text-align: center;\"><span style=\"color: #000080;\"> <i class=\"clock\" style=\"\" aria-hidden=\"true\"><\/i>Conoce nuestros horarios<\/span><\/h2>\n<p>[\/vc_column_text][vc_column_text css_animation=\u00bbfadeInLeft\u00bb]<\/p>\n<h3 style=\"text-align: center;\"><a href=\"\" aria-label=\"button with icon\" class=\"icon_bar \" target=\"_blank\"><span class=\"t\"><i class=\"icon-clock-line\"><\/i><\/span><span class=\"b\"><i class=\"icon-clock-line\"><\/i><\/span><\/a>\n<\/h3>\n<h3 style=\"text-align: center;\">Modelo Ejecutivo<\/h3>\n<h4 style=\"text-align: center;\">12 horas presenciales y 12 horas en l\u00ednea por materia.<\/h4>\n<p>[\/vc_column_text][\/vc_column][vc_column width=\u00bb1\/3&#8243;][vc_column_text css_animation=\u00bbfadeInRight\u00bb]<\/p>\n<h2 style=\"text-align: center;\"><span style=\"color: #000080;\">Periodo de Inscripciones<\/span><\/h2>\n<p>[\/vc_column_text][vc_tta_accordion][vc_tta_section i_icon_fontawesome=\u00bbfa fa-graduation-cap\u00bb add_icon=\u00bbtrue\u00bb title=\u00bbIngreso Enero\u00bb tab_id=\u00bb1574727605682-505f83b6-8f51&#8243;][vc_column_text css_animation=\u00bblightSpeedIn\u00bb]Periodo de inscripciones de Noviembre a Enero<\/p>\n<div id=\"gtx-trans\" style=\"position: absolute; left: 250px; top: -10px;\">\n<div class=\"gtx-trans-icon\"><\/div>\n<\/div>\n<p>[\/vc_column_text][\/vc_tta_section][vc_tta_section i_icon_fontawesome=\u00bbfa fa-graduation-cap\u00bb add_icon=\u00bbtrue\u00bb title=\u00bbIngreso Abril\u00bb tab_id=\u00bb1574727605682-9ab7c75a-1f84&#8243;][vc_column_text]Periodo de inscripciones de Febrero a Mayo[\/vc_column_text][\/vc_tta_section][vc_tta_section i_icon_fontawesome=\u00bbfa fa-graduation-cap\u00bb add_icon=\u00bbtrue\u00bb title=\u00bbIngreso Agosto\u00bb tab_id=\u00bb1574727655967-78b4af64-582c\u00bb][vc_column_text]Periodo de inscripciones de Mayo a Agosto<\/p>\n<div id=\"gtx-trans\" style=\"position: absolute; left: 350px; top: 38px;\">\n<div class=\"gtx-trans-icon\"><\/div>\n<\/div>\n<p>[\/vc_column_text][\/vc_tta_section][vc_tta_section i_icon_fontawesome=\u00bbfa fa-graduation-cap\u00bb add_icon=\u00bbtrue\u00bb title=\u00bbIngreso Octubre\u00bb tab_id=\u00bb1574987535187-54efaea3-5b95&#8243;][vc_column_text]Periodo de inscripciones de Agosto a Octubre<\/p>\n<div id=\"gtx-trans\" style=\"position: absolute; left: 321px; top: -10px;\">\n<div class=\"gtx-trans-icon\"><\/div>\n<\/div>\n<p>[\/vc_column_text][\/vc_tta_section][\/vc_tta_accordion][\/vc_column][\/vc_row][vc_row][vc_column width=\u00bb1\/4&#8243;]<div class=\"icon_box icon_position_top no_border\"><div class=\"icon_wrapper\"><div class=\"icon\"><i class=\"icon-plus-squared\" aria-hidden=\"true\"><\/i><\/div><\/div><div class=\"desc_wrapper\"><h4 class=\"title \">Incorporado a la SEP Federal<\/h4><\/div><\/div>\n[\/vc_column][vc_column width=\u00bb1\/4&#8243;]<div class=\"icon_box icon_position_top no_border\"><div class=\"icon_wrapper\"><div class=\"icon\"><i class=\"icon-user-line\" aria-hidden=\"true\"><\/i><\/div><\/div><div class=\"desc_wrapper\"><h4 class=\"title \">Modelo Profesional Humanista<\/h4><\/div><\/div>\n[\/vc_column][vc_column width=\u00bb1\/4&#8243;]<div class=\"icon_box icon_position_top no_border\"><div class=\"icon_wrapper\"><div class=\"icon\"><i class=\"icon-shareable\" aria-hidden=\"true\"><\/i><\/div><\/div><div class=\"desc_wrapper\"><h4 class=\"title \">Maestros con T\u00edtulo y C\u00e9dula<\/h4><\/div><\/div>\n[\/vc_column][vc_column width=\u00bb1\/4&#8243;]<div class=\"icon_box icon_position_top no_border\"><div class=\"icon_wrapper\"><div class=\"icon\"><i class=\"icon-users\" aria-hidden=\"true\"><\/i><\/div><\/div><div class=\"desc_wrapper\"><h4 class=\"title \">Convenios Institucionales<\/h4><\/div><\/div>\n[\/vc_column][\/vc_row][vc_row full_width=\u00bbstretch_row\u00bb parallax=\u00bbcontent-moving\u00bb css=\u00bb.vc_custom_1574724029563{background-image: url(https:\/\/insunte.edu.mx\/es\/wp-content\/uploads\/2019\/11\/fondo5cindy.jpg?id=168) !important;background-position: 0 0;background-repeat:epeat;}\u00bb][vc_column][vc_custom_heading text=\u00bb\u00abCambiando vidas, materializando sue\u00f1os\u00ab.\u00bb font_container=\u00bbtag:h1|text_align:center|color:%23ffffff\u00bb google_fonts=\u00bbfont_family:Cuprum%3Aregular%2Citalic%2C700%2C700italic|font_style:400%20regular%3A400%3Anormal\u00bb][vc_cta h2=\u00bb\u00a1No lo pienses m\u00e1s e inscr\u00edbete ahora!\u00bb h4=\u00bbSistema trimestral\u00bb style=\u00bb3d\u00bb color=\u00bbwhite\u00bb el_width=\u00bbxl\u00bb add_button=\u00bbright\u00bb btn_title=\u00bbInscr\u00edbete Aqu\u00ed\u00bb btn_style=\u00bb3d\u00bb btn_color=\u00bbprimary\u00bb btn_size=\u00bblg\u00bb btn_align=\u00bbright\u00bb btn_i_icon_fontawesome=\u00bbfa fa-address-book-o\u00bb add_icon=\u00bbleft\u00bb i_icon_fontawesome=\u00bbfa fa-user-circle-o\u00bb i_color=\u00bbblack\u00bb css_animation=\u00bbfadeIn\u00bb btn_button_block=\u00bbtrue\u00bb btn_add_icon=\u00bbtrue\u00bb btn_link=\u00bburl:https%3A%2F%2Finsunte.edu.mx%2Fes%2Fproducto%2Finscripcion-para-posgrado%2F|||\u00bb]<\/p>\n<h2>Sigue creciendo y en solo 18 meses cumple tu sue\u00f1o.<\/h2>\n<p>[\/vc_cta][\/vc_column][\/vc_row]<\/p>\n<\/div>","protected":false},"excerpt":{"rendered":"<p>[vc_row][vc_column][vc_zigzag el_border_width=\u00bb8&#8243;][vc_column_text css_animation=\u00bbfadeIn\u00bb] Objetivo del Posgrado Formar profesionales capaces de aplicar, explicar y desarrollar el razonamiento apropiado para argumentar y desempe\u00f1ar la funci\u00f3n Judicial, adem\u00e1s de<span class=\"excerpt-hellip\"> [\u2026]<\/span><\/p>\n","protected":false},"author":1,"featured_media":0,"parent":47,"menu_order":0,"comment_status":"closed","ping_status":"closed","template":"","meta":{"footnotes":""},"class_list":["post-499","page","type-page","status-publish","hentry"],"jetpack_sharing_enabled":true,"_links":{"self":[{"href":"https:\/\/insunte.edu.mx\/es\/wp-json\/wp\/v2\/pages\/499","targetHints":{"allow":["GET"]}}],"collection":[{"href":"https:\/\/insunte.edu.mx\/es\/wp-json\/wp\/v2\/pages"}],"about":[{"href":"https:\/\/insunte.edu.mx\/es\/wp-json\/wp\/v2\/types\/page"}],"author":[{"embeddable":true,"href":"https:\/\/insunte.edu.mx\/es\/wp-json\/wp\/v2\/users\/1"}],"replies":[{"embeddable":true,"href":"https:\/\/insunte.edu.mx\/es\/wp-json\/wp\/v2\/comments?post=499"}],"version-history":[{"count":4,"href":"https:\/\/insunte.edu.mx\/es\/wp-json\/wp\/v2\/pages\/499\/revisions"}],"predecessor-version":[{"id":8230,"href":"https:\/\/insunte.edu.mx\/es\/wp-json\/wp\/v2\/pages\/499\/revisions\/8230"}],"up":[{"embeddable":true,"href":"https:\/\/insunte.edu.mx\/es\/wp-json\/wp\/v2\/pages\/47"}],"wp:attachment":[{"href":"https:\/\/insunte.edu.mx\/es\/wp-json\/wp\/v2\/media?parent=499"}],"curies":[{"name":"wp","href":"https:\/\/api.w.org\/{rel}","templated":true}]}}