{"id":369,"date":"2019-11-26T16:32:50","date_gmt":"2019-11-26T16:32:50","guid":{"rendered":"https:\/\/insunte.edu.mx\/es\/?page_id=369"},"modified":"2024-04-02T16:58:24","modified_gmt":"2024-04-02T22:58:24","slug":"administracion-empresas","status":"publish","type":"page","link":"https:\/\/insunte.edu.mx\/es\/universidad\/administracion-empresas\/","title":{"rendered":"Licenciatura en Administraci\u00f3n de Empresas"},"content":{"rendered":"<div class=\"wpb-content-wrapper\"><p>[vc_row][vc_column][vc_zigzag el_border_width=\u00bb8&#8243;][vc_column_text css_animation=\u00bbfadeIn\u00bb]<\/p>\n<h2 style=\"text-align: center;\"><span style=\"color: #000080;\"><strong>Objetivo de la carrera<\/strong><\/span><\/h2>\n<h4 style=\"text-align: center;\">Formar profesionales de la administraci\u00f3n capaces de invertir en la operaci\u00f3n y desarrollo de las organizaciones de diversos tipos de sectores, integrando aspectos te\u00f3ricos, metodol\u00f3gicos e instrumentales de la administraci\u00f3n moderna, para asegurar el funcionamiento ordenado y eficiente de \u00e1reas y procesos, asegurando la competitividad a trav\u00e9s de modelos sustentables de calidad.<\/h4>\n<p>[\/vc_column_text][\/vc_column][\/vc_row][vc_row][vc_column][vc_column_text css_animation=\u00bbfadeInRight\u00bb]<\/p>\n<h2 style=\"text-align: center;\"><span style=\"color: #000080;\">\u00bfQue desarrollar\u00e9 en la Licenciatura en Administraci\u00f3n de Empresas?<\/span><\/h2>\n<p>[\/vc_column_text][vc_tta_accordion][vc_tta_section i_icon_fontawesome=\u00bbfa fa-graduation-cap\u00bb add_icon=\u00bbtrue\u00bb title=\u00bbConocimientos\u00bb tab_id=\u00bb1574700301791-75f1196f-d127&#8243;][vc_column_text css_animation=\u00bbbounceIn\u00bb]<\/p>\n<ul>\n<li>\n<h4>La aplicaci\u00f3n de las Matem\u00e1ticas y de la Estad\u00edstica en la soluci\u00f3n cuantitativa de problemas y la toma de decisiones.<\/h4>\n<\/li>\n<li>\n<h4>La metodolog\u00eda de la investigaci\u00f3n como herramienta cient\u00edfica en la b\u00fasqueda de soluciones optimas a conflictos de car\u00e1cter t\u00e9cnico.<\/h4>\n<\/li>\n<li>\n<h4>Los conocimientos necesarios para planear, administrar y controlar la situaci\u00f3n econ\u00f3mica y operativa de una empresa,<\/h4>\n<\/li>\n<li>\n<h4>Aplicaci\u00f3n de la inform\u00e1tica como herramienta en los procesos estad\u00edsticos y las funciones de la administraci\u00f3n.<\/h4>\n<\/li>\n<li>\n<h4>La contabilidad de costos para el manejo \u00f3ptimo de los recursos de la empresa.<\/h4>\n<\/li>\n<li>\n<h4>Aplicaci\u00f3n de la administraci\u00f3n en la operaci\u00f3n financiera y estrat\u00e9gica de las empresas.<\/h4>\n<\/li>\n<li>\n<h4>Estudio de la econom\u00eda.<\/h4>\n<\/li>\n<li>\n<h4>Manejo correcto y eficiente del idioma, hablado y escrito.<\/h4>\n<\/li>\n<li>\n<h4>Conocimientos para propiciar el desarrollo del capital humano.<\/h4>\n<\/li>\n<li>\n<h4>Manejo eficiente de las finanzas empresariales.<\/h4>\n<\/li>\n<li>\n<h4>Conocimiento de la ergonom\u00eda como herramienta para la mejora de la productividad.<\/h4>\n<\/li>\n<li>\n<h4>La formulaci\u00f3n y evaluaci\u00f3n de los proyectos de inversi\u00f3n.<\/h4>\n<\/li>\n<li>\n<h4>Manejo adecuado de la publicidad para el incremento de las ventas.<\/h4>\n<\/li>\n<li>\n<h4>Conocimiento de un segundo idioma para la comunicaci\u00f3n efectiva con clientes y proveedores Extranjeros.<\/h4>\n<\/li>\n<li>\n<h4>La planeaci\u00f3n y control de la producci\u00f3n y los sistemas de planeaci\u00f3n, para la optimizaci\u00f3n de los procesos productivos y administrativos.<\/h4>\n<\/li>\n<li>\n<h4>La administraci\u00f3n de los recursos humanos el derecho laboral y la motivaci\u00f3n del personal.<\/h4>\n<\/li>\n<li>\n<h4>Conocimiento y aplicaci\u00f3n de la seguridad social.<\/h4>\n<\/li>\n<li>\n<h4>El estudio de los estados financieros necesarios, para determinar la situaci\u00f3n econ\u00f3mica de las empresas.<\/h4>\n<\/li>\n<li>\n<h4>La planeaci\u00f3n estrat\u00e9gica como herramienta de competitividad.<\/h4>\n<\/li>\n<li>\n<h4>Conocimientos en las estrategias para formar nuevas empresas.<\/h4>\n<\/li>\n<\/ul>\n<p>[\/vc_column_text][\/vc_tta_section][vc_tta_section i_icon_fontawesome=\u00bbfa fa-check-circle\u00bb add_icon=\u00bbtrue\u00bb title=\u00bbHabilidades\u00bb tab_id=\u00bb1574700301791-cf4804dc-d874&#8243;][vc_column_text css_animation=\u00bbbounceIn\u00bb]<\/p>\n<ul>\n<li>\n<h4>Comprender y analizar con bases cient\u00edficas los fen\u00f3menos administrativos que afectan el comportamiento de las empresas, para aprovechar las oportunidades y soslayar las crisis en la consecuci\u00f3n de los objetivos y fines organizacionales.<\/h4>\n<\/li>\n<li>\n<h4>Dise\u00f1ar estrategias para el m\u00e1ximo aprovechamiento del capital humano de la empresa, con pleno respeto a la dignidad y derechos de la persona.<\/h4>\n<\/li>\n<li>\n<h4>Aportar criterios cient\u00edficamente sustentados en los principios de las disciplinas administrativas, para la toma de decisiones en \u00e1reas de producci\u00f3n, mercadotecnia, relaciones jur\u00eddicas laborales y finanzas.<\/h4>\n<\/li>\n<li>\n<h4>Participar en el dise\u00f1o e implementaci\u00f3n de proyectos de captaci\u00f3n y preparaci\u00f3n de recursos humanos para su integraci\u00f3n y desempe\u00f1o altamente productivo en diversas \u00e1reas de la empresa.<\/h4>\n<\/li>\n<li>\n<h4>Coadyuvar en procesos estrat\u00e9gicos orientados a la comercializaci\u00f3n de productos y servicios, desde el dise\u00f1o hasta la puesta en manos del cliente.<\/h4>\n<\/li>\n<li>\n<h4>Planear la aplicaci\u00f3n de recursos financieros, a trav\u00e9s del estudio previo de la situaci\u00f3n contable y de la consideraci\u00f3n de variables econ\u00f3micas internas y externas.<\/h4>\n<\/li>\n<li>\n<h4>Verificar el cumplimiento de las obligaciones fiscales inherentes a los procesos de aplicaci\u00f3n de recursos humanos.<\/h4>\n<\/li>\n<li>\n<h4>Aplicar los principios de la administraci\u00f3n de empresas tanto a organizaciones como a personas f\u00edsicas, aplicando modelos de consultor\u00eda.<\/h4>\n<\/li>\n<li>\n<h4>Elaborar programas estrat\u00e9gicos de finanzas, mercadotecnia, producci\u00f3n, comercializaci\u00f3n y aprovechamiento del factor humano, tanto en el entorno de organizaciones actualmente establecidas, como en la formaci\u00f3n de nuevas empresas, o a modo de consultor externo.<\/h4>\n<\/li>\n<li>\n<h4>Aportar juicios de valor para participar en la formulaci\u00f3n de objetivos generales y espec\u00edficos de la organizaci\u00f3n.<\/h4>\n<\/li>\n<li>\n<h4>Interpretar y explicar las situaciones de las organizaciones para establecer mecanismos de vinculaci\u00f3n con el entorno.<\/h4>\n<\/li>\n<li>\n<h4>Ejercer proactivamente el liderazgo en la conducci\u00f3n del factor humano para integrar, coordinar y dirigir equipos de trabajo interdisciplinarios.<\/h4>\n<\/li>\n<li>\n<h4>Desempe\u00f1ar diferentes funciones a nivel gerencial o directivo, de acuerdo con los requerimientos de la organizaci\u00f3n.<\/h4>\n<\/li>\n<li>\n<h4>Explicar entornos econ\u00f3micos, pol\u00edticos y sociales para elaborar estrategias de competitividad regional, nacional e internacional.<\/h4>\n<\/li>\n<li>\n<h4>Utilizar los recursos de la inform\u00e1tica y computaci\u00f3n para la preparaci\u00f3n, an\u00e1lisis y procesamiento de la informaci\u00f3n sustento de los procesos administrativos y financieros.<\/h4>\n<\/li>\n<li>\n<h4>Usar el lenguaje oral y escrito como un medio eficaz de expresi\u00f3n, tanto en espa\u00f1ol como en un idioma extranjero.<\/h4>\n<\/li>\n<\/ul>\n<p>[\/vc_column_text][\/vc_tta_section][vc_tta_section i_icon_fontawesome=\u00bbfa fa-child\u00bb add_icon=\u00bbtrue\u00bb title=\u00bbActitudes\u00bb tab_id=\u00bb1574700499784-79fa86e3-aa3b\u00bb][vc_column_text css_animation=\u00bbbounceIn\u00bb]<\/p>\n<ul>\n<li>\n<h4>Creatividad como medio de progreso, ejercicio de un car\u00e1cter emprendedor, con fines de superaci\u00f3n personal y desarrollo regional.<\/h4>\n<\/li>\n<li>\n<h4>Comunicaci\u00f3n clara y en el tiempo preciso.<\/h4>\n<\/li>\n<li>\n<h4>Honestidad en sus acciones en el ejercicio de su profesi\u00f3n.<\/h4>\n<\/li>\n<li>\n<h4>Prudencia y justicia en el trato con las personas.<\/h4>\n<\/li>\n<li>\n<h4>Puntualidad en sus obligaciones<\/h4>\n<\/li>\n<li>\n<h4>Respeto a objetivos, las reglas establecidas, hacia los profesionales en general y al c\u00f3digo de \u00e9tica de su profesi\u00f3n.<\/h4>\n<\/li>\n<li>\n<h4>Asumir actitudes emprendedoras y de liderazgo en su entorno social y en su disciplina, de creatividad al enfrentar los retos y de \u00e9tica profesional en todas sus actividades.<\/h4>\n<\/li>\n<\/ul>\n<p>[\/vc_column_text][\/vc_tta_section][\/vc_tta_accordion][vc_separator style=\u00bbdouble\u00bb][vc_cta h2=\u00bbDescarga el plan de estudios\u00bb h4=\u00bbTermina tus estudios universitarios en tan solo 3 a\u00f1os\u00bb color=\u00bbblack\u00bb add_button=\u00bbright\u00bb btn_title=\u00bbClic aqu\u00ed para descargar PDF\u00bb btn_style=\u00bb3d\u00bb btn_color=\u00bbprimary\u00bb btn_i_align=\u00bbright\u00bb btn_i_icon_fontawesome=\u00bbfa fa-file-pdf-o\u00bb btn_css_animation=\u00bbbounceInRight\u00bb add_icon=\u00bbleft\u00bb i_icon_fontawesome=\u00bbfa fa-chevron-circle-down\u00bb i_color=\u00bbblack\u00bb i_size=\u00bblg\u00bb css_animation=\u00bbbounceInLeft\u00bb btn_add_icon=\u00bbtrue\u00bb btn_link=\u00bburl:https%3A%2F%2Finsunte.edu.mx%2Fes%2Fwp-content%2Fuploads%2F2020%2F03%2Fadmon-g.pdf|title:Administraci%C3%B3n%20de%20Empresas|target:%20_blank|\u00bb css=\u00bb.vc_custom_1585263004869{background-color: #f2b100 !important;}\u00bb]Conoce la carga de materias que llevar\u00e1s durante tu estancia en la universidad.<\/p>\n<div id=\"gtx-trans\" style=\"position: absolute; left: -43px; top: -9.78819px;\">\n<div class=\"gtx-trans-icon\"><\/div>\n<\/div>\n<p>[\/vc_cta][\/vc_column][\/vc_row][vc_row][vc_column width=\u00bb2\/3&#8243;][vc_column_text css_animation=\u00bbfadeInRight\u00bb]<\/p>\n<h2 style=\"text-align: center;\"><span style=\"color: #000080;\"> <i class=\"clock\" style=\"\" aria-hidden=\"true\"><\/i>Conoce nuestros horarios<\/span><\/h2>\n<div id=\"gtx-trans\" style=\"position: absolute; left: 183px; top: -4.75347px;\">\n<div class=\"gtx-trans-icon\"><\/div>\n<\/div>\n<p>[\/vc_column_text][vc_tta_tabs][vc_tta_section title=\u00bb<\/p>\n<h5>Matutino<\/h5>\n<p>\u00bb tab_id=\u00bb1574706954382-7fee809e-4d7d\u00bb][vc_column_text css_animation=\u00bbfadeInLeft\u00bb]<\/p>\n<h4>El horario matutino es de lunes a jueves de 8am a 1pm.<\/h4>\n<p>[\/vc_column_text][\/vc_tta_section][vc_tta_section title=\u00bb<\/p>\n<h5>Nocturno<\/h5>\n<p>\u00bb tab_id=\u00bb1574706954382-68186cc2-1feb\u00bb][vc_column_text css_animation=\u00bbfadeInLeft\u00bb]<\/p>\n<h4>El horario nocturno es de lunes a jueves de 6pm a 9pm.<\/h4>\n<p>[\/vc_column_text][\/vc_tta_section][vc_tta_section title=\u00bb<\/p>\n<h5>Ejecutivo Sabatino<\/h5>\n<p>\u00bb tab_id=\u00bb1574707109825-a3a021ba-7c9e\u00bb][vc_column_text css_animation=\u00bbbounceInLeft\u00bb]<\/p>\n<h4>El horario ejecutivo sabatino es solo los d\u00edas s\u00e1bado de 8am a 3pm.<\/h4>\n<p>[\/vc_column_text][\/vc_tta_section][vc_tta_section title=\u00bb<\/p>\n<h5>Ejecutivo Dominical<\/h5>\n<p>\u00bb tab_id=\u00bb1574707103474-3b69c4bf-85c9&#8243;][vc_column_text css_animation=\u00bbbounceInLeft\u00bb]<\/p>\n<h4>El horario ejecutivo dominical es solo los d\u00edas domingo de 8am a 3pm.<\/h4>\n<p>[\/vc_column_text][\/vc_tta_section][\/vc_tta_tabs][\/vc_column][vc_column width=\u00bb1\/3&#8243;][vc_column_text css_animation=\u00bbfadeInRight\u00bb]<\/p>\n<h2 style=\"text-align: center;\"><span style=\"color: #000080;\">Periodo de Inscripciones<\/span><\/h2>\n<div id=\"gtx-trans\" style=\"position: absolute; left: 75px; top: 52.0243px;\">\n<div class=\"gtx-trans-icon\"><\/div>\n<\/div>\n<p>[\/vc_column_text][vc_tta_accordion][vc_tta_section i_icon_fontawesome=\u00bbfa fa-graduation-cap\u00bb add_icon=\u00bbtrue\u00bb title=\u00bbIngreso Enero\u00bb tab_id=\u00bb1574727605682-505f83b6-8f51&#8243;][vc_column_text css_animation=\u00bblightSpeedIn\u00bb]Periodo de inscripciones de Octubre a Enero<\/p>\n<div id=\"gtx-trans\" style=\"position: absolute; left: -13px; top: 36.9896px;\">\n<div class=\"gtx-trans-icon\"><\/div>\n<\/div>\n<p>[\/vc_column_text][\/vc_tta_section][vc_tta_section i_icon_fontawesome=\u00bbfa fa-graduation-cap\u00bb add_icon=\u00bbtrue\u00bb title=\u00bbIngreso Mayo\u00bb tab_id=\u00bb1574727605682-9ab7c75a-1f84&#8243;][vc_column_text]Periodo de inscripciones de Febrero a Mayo<\/p>\n<div id=\"gtx-trans\" style=\"position: absolute; left: 379px; top: -9.78819px;\">\n<div class=\"gtx-trans-icon\"><\/div>\n<\/div>\n<p>[\/vc_column_text][\/vc_tta_section][vc_tta_section i_icon_fontawesome=\u00bbfa fa-graduation-cap\u00bb add_icon=\u00bbtrue\u00bb title=\u00bbIngreso Septiembre\u00bb tab_id=\u00bb1574727655967-78b4af64-582c\u00bb][vc_column_text]Periodo de inscripciones de Junio a Septiembre<\/p>\n<div id=\"gtx-trans\" style=\"position: absolute; left: 336px; top: -9.78819px;\">\n<div class=\"gtx-trans-icon\"><\/div>\n<\/div>\n<p>[\/vc_column_text][\/vc_tta_section][\/vc_tta_accordion][\/vc_column][\/vc_row][vc_row][vc_column width=\u00bb1\/4&#8243;]<div class=\"icon_box icon_position_top no_border\"><div class=\"icon_wrapper\"><div class=\"icon\"><i class=\"icon-plus-squared\" aria-hidden=\"true\"><\/i><\/div><\/div><div class=\"desc_wrapper\"><h4 class=\"title \">Incorporado a la SEP Federal<\/h4><\/div><\/div>\n[\/vc_column][vc_column width=\u00bb1\/4&#8243;]<div class=\"icon_box icon_position_top no_border\"><div class=\"icon_wrapper\"><div class=\"icon\"><i class=\"icon-user-line\" aria-hidden=\"true\"><\/i><\/div><\/div><div class=\"desc_wrapper\"><h4 class=\"title \">Modelo Profesional Humanista<\/h4><\/div><\/div>\n[\/vc_column][vc_column width=\u00bb1\/4&#8243;]<div class=\"icon_box icon_position_top no_border\"><div class=\"icon_wrapper\"><div class=\"icon\"><i class=\"icon-shareable\" aria-hidden=\"true\"><\/i><\/div><\/div><div class=\"desc_wrapper\"><h4 class=\"title \">Maestros con T\u00edtulo y C\u00e9dula<\/h4><\/div><\/div>\n[\/vc_column][vc_column width=\u00bb1\/4&#8243;]<div class=\"icon_box icon_position_top no_border\"><div class=\"icon_wrapper\"><div class=\"icon\"><i class=\"icon-users\" aria-hidden=\"true\"><\/i><\/div><\/div><div class=\"desc_wrapper\"><h4 class=\"title \">Convenios Institucionales<\/h4><\/div><\/div>\n[\/vc_column][\/vc_row][vc_row full_width=\u00bbstretch_row\u00bb parallax=\u00bbcontent-moving\u00bb css=\u00bb.vc_custom_1574724029563{background-image: url(https:\/\/insunte.edu.mx\/es\/wp-content\/uploads\/2019\/11\/fondo5cindy.jpg?id=168) !important;background-position: 0 0;background-repeat:epeat;}\u00bb][vc_column][vc_custom_heading text=\u00bb\u00abCambiando vidas, materializando sue\u00f1os\u00ab.\u00bb font_container=\u00bbtag:h1|text_align:center|color:%23ffffff\u00bb google_fonts=\u00bbfont_family:Cuprum%3Aregular%2Citalic%2C700%2C700italic|font_style:400%20regular%3A400%3Anormal\u00bb][vc_cta h2=\u00bb\u00a1No lo pienses m\u00e1s e inscr\u00edbete ahora!\u00bb h4=\u00bbSistema cuatrimestral\u00bb style=\u00bb3d\u00bb color=\u00bbwhite\u00bb el_width=\u00bbxl\u00bb add_button=\u00bbright\u00bb btn_title=\u00bbInscr\u00edbete Aqu\u00ed\u00bb btn_style=\u00bb3d\u00bb btn_color=\u00bbprimary\u00bb btn_size=\u00bblg\u00bb btn_align=\u00bbright\u00bb btn_i_icon_fontawesome=\u00bbfa fa-address-book-o\u00bb add_icon=\u00bbleft\u00bb i_icon_fontawesome=\u00bbfa fa-user-circle-o\u00bb i_color=\u00bbblack\u00bb css_animation=\u00bbfadeIn\u00bb btn_button_block=\u00bbtrue\u00bb btn_add_icon=\u00bbtrue\u00bb btn_link=\u00bburl:https%3A%2F%2Finsunte.edu.mx%2Fes%2Fproducto%2Finscripcion-para-universidad%2F|||\u00bb]Sigue creciendo y en solo 3 a\u00f1os cambia tu vida.[\/vc_cta][\/vc_column][\/vc_row]<\/p>\n<\/div>","protected":false},"excerpt":{"rendered":"<p>[vc_row][vc_column][vc_zigzag el_border_width=\u00bb8&#8243;][vc_column_text css_animation=\u00bbfadeIn\u00bb] Objetivo de la carrera Formar profesionales de la administraci\u00f3n capaces de invertir en la operaci\u00f3n y desarrollo de las organizaciones de diversos tipos<span class=\"excerpt-hellip\"> [\u2026]<\/span><\/p>\n","protected":false},"author":1,"featured_media":0,"parent":45,"menu_order":0,"comment_status":"closed","ping_status":"closed","template":"","meta":{"footnotes":""},"class_list":["post-369","page","type-page","status-publish","hentry"],"jetpack_sharing_enabled":true,"_links":{"self":[{"href":"https:\/\/insunte.edu.mx\/es\/wp-json\/wp\/v2\/pages\/369","targetHints":{"allow":["GET"]}}],"collection":[{"href":"https:\/\/insunte.edu.mx\/es\/wp-json\/wp\/v2\/pages"}],"about":[{"href":"https:\/\/insunte.edu.mx\/es\/wp-json\/wp\/v2\/types\/page"}],"author":[{"embeddable":true,"href":"https:\/\/insunte.edu.mx\/es\/wp-json\/wp\/v2\/users\/1"}],"replies":[{"embeddable":true,"href":"https:\/\/insunte.edu.mx\/es\/wp-json\/wp\/v2\/comments?post=369"}],"version-history":[{"count":5,"href":"https:\/\/insunte.edu.mx\/es\/wp-json\/wp\/v2\/pages\/369\/revisions"}],"predecessor-version":[{"id":11825,"href":"https:\/\/insunte.edu.mx\/es\/wp-json\/wp\/v2\/pages\/369\/revisions\/11825"}],"up":[{"embeddable":true,"href":"https:\/\/insunte.edu.mx\/es\/wp-json\/wp\/v2\/pages\/45"}],"wp:attachment":[{"href":"https:\/\/insunte.edu.mx\/es\/wp-json\/wp\/v2\/media?parent=369"}],"curies":[{"name":"wp","href":"https:\/\/api.w.org\/{rel}","templated":true}]}}